{"id":17744,"date":"2026-04-28T18:37:02","date_gmt":"2026-04-28T16:37:02","guid":{"rendered":"https:\/\/alliancefr.se\/gavle\/?post_type=tribe_events&#038;p=17744"},"modified":"2026-04-28T19:00:45","modified_gmt":"2026-04-28T17:00:45","slug":"%f0%9f%87%ab%f0%9f%87%b7-connexion-francophone-gavle-%e2%86%94-lausanne-dialoguent-%f0%9f%87%b8%f0%9f%87%aa-francophone-connection-gavle-%e2%86%94-lausanne-i-dialog-%f0%9f%96%a7-%f0%9f%97%aa","status":"publish","type":"tribe_events","link":"https:\/\/alliancefr.se\/gavle\/event\/%f0%9f%87%ab%f0%9f%87%b7-connexion-francophone-gavle-%e2%86%94-lausanne-dialoguent-%f0%9f%87%b8%f0%9f%87%aa-francophone-connection-gavle-%e2%86%94-lausanne-i-dialog-%f0%9f%96%a7-%f0%9f%97%aa\/","title":{"rendered":"\ud83c\uddeb\ud83c\uddf7 Connexion francophone : G\u00e4vle \u2194 Lausanne dialoguent &#8211; \ud83c\uddf8\ud83c\uddea Francophone connection: G\u00e4vle \u2194 Lausanne i dialog \ud83d\udcbb\ud83d\udcac\ud83c\uddeb\ud83c\uddf7"},"content":{"rendered":"<p>\ud83c\uddeb\ud83c\uddf7 <strong>Connexion francophone : G\u00e4vle \u2194 Lausanne dialoguent<br \/>\nSujet : comment les voyages \ud83e\uddf3 participent-ils au d\u00e9veloppement personnel ?<\/strong><\/p>\n<p>Des \u00e9changes francophones\u00a0<img decoding=\"async\" class=\"emoji\" role=\"img\" src=\"https:\/\/s.w.org\/images\/core\/emoji\/15.1.0\/svg\/1f1eb-1f1f7.svg\" alt=\"\ud83c\uddeb\ud83c\uddf7\" \/> en ligne \ud83d\udcbb chaque trimestre autour d\u2019un sujet, pendant une heure\u00a0<img decoding=\"async\" class=\"emoji\" role=\"img\" src=\"https:\/\/s.w.org\/images\/core\/emoji\/16.0.1\/svg\/1f550.svg\" alt=\"\ud83d\udd50\" \/>, entre membres de l\u2019Alliance Fran\u00e7aise de G\u00e4vle\u00a0<img decoding=\"async\" class=\"emoji\" role=\"img\" src=\"https:\/\/s.w.org\/images\/core\/emoji\/16.0.1\/svg\/1f1f8-1f1ea.svg\" alt=\"\ud83c\uddf8\ud83c\uddea\" \/>\u00a0et \u00e9tudiants en fran\u00e7ais de l\u2019<a href=\"https:\/\/www.institutrichelieu.com\/\">Institut Richelieu<\/a> de Lausanne\u00a0<img decoding=\"async\" class=\"emoji\" role=\"img\" src=\"https:\/\/s.w.org\/images\/core\/emoji\/16.0.1\/svg\/1f1e8-1f1ed.svg\" alt=\"\ud83c\udde8\ud83c\udded\" \/>.<\/p>\n<p>\ud83d\udcc5 Lundi 18 mai 2026<br \/>\n<span class=\"lt-line-clamp__raw-line\">\ud83d\udd60 17h30 \u2013 \ud83d\udd61 18h30<br \/>\n\ud83d\udccd En ligne, via Teams<\/span><\/p>\n<p>\ud83d\udd17 <strong>Rejoindre la r\u00e9union maintenant<\/strong><\/p>\n<p><strong>D\u00e9roul\u00e9 pr\u00e9visionnel<\/strong><\/p>\n<ul>\n<li>tour de table<\/li>\n<li>introduction<\/li>\n<li>dialogue<\/li>\n<li>conclusion<\/li>\n<li>prochaine s\u00e9ance<\/li>\n<\/ul>\n<p><strong>\u00c0 propos de l<span class=\"x4k7w5x x1h91t0o x1h9r5lt x1jfb8zj xv2umb2 x1beo9mf xaigb6o x12ejxvf x3igimt xarpa2k xedcshv x1lytzrv x1t2pt76 x7ja8zs x1qrby5j\"><span class=\"x193iq5w xeuugli x13faqbe x1vvkbs x1xmvt09 x1lliihq x1s928wv xhkezso x1gmr53x x1cpjm7i x1fgarty x1943h6x xudqn12 x3x7a5m x6prxxf xvq8zen xo1l8bm x14ctfv\" dir=\"auto\">\u2019<\/span><\/span>Institut Richelieu<\/strong><br \/>\n\u00c9cole de fran\u00e7ais \u00e0 Lausanne depuis 1962.<\/p>\n<p><strong>\ud83c\udd93 Entr\u00e9e libre &#8211; mais soyez les bienvenus comme <a href=\"https:\/\/alliancefr.se\/gavle\/devenir-membre-2\/\">membres<\/a> \u00e0 l<span class=\"x4k7w5x x1h91t0o x1h9r5lt x1jfb8zj xv2umb2 x1beo9mf xaigb6o x12ejxvf x3igimt xarpa2k xedcshv x1lytzrv x1t2pt76 x7ja8zs x1qrby5j\"><span class=\"x193iq5w xeuugli x13faqbe x1vvkbs x1xmvt09 x1lliihq x1s928wv xhkezso x1gmr53x x1cpjm7i x1fgarty x1943h6x xudqn12 x3x7a5m x6prxxf xvq8zen xo1l8bm x14ctfv\" dir=\"auto\">\u2019a<\/span><\/span>venir !<\/strong><\/p>\n<p>&nbsp;<\/p>\n<p>\ud83c\uddf8\ud83c\uddea <strong>Francophone connection: G\u00e4vle \u2194 Lausanne i dialog<\/strong><br \/>\n<strong>\u00c4mne: hur bidrar resor \ud83e\uddf3 till personlig utveckling?<\/strong><\/p>\n<p>Varje kvartal h\u00e5lls ett online-forum \ud83d\udcbb p\u00e5 franska <img decoding=\"async\" class=\"emoji\" role=\"img\" src=\"https:\/\/s.w.org\/images\/core\/emoji\/15.1.0\/svg\/1f1eb-1f1f7.svg\" alt=\"\ud83c\uddeb\ud83c\uddf7\" \/>\u00a0kring ett visst \u00e4mne, under en timme\u00a0<img decoding=\"async\" class=\"emoji\" role=\"img\" src=\"https:\/\/s.w.org\/images\/core\/emoji\/16.0.1\/svg\/1f550.svg\" alt=\"\ud83d\udd50\" \/>, mellan medlemmar i Alliance Fran\u00e7aise i G\u00e4vle\u00a0<img decoding=\"async\" class=\"emoji\" role=\"img\" src=\"https:\/\/s.w.org\/images\/core\/emoji\/16.0.1\/svg\/1f1f8-1f1ea.svg\" alt=\"\ud83c\uddf8\ud83c\uddea\" \/>\u00a0och studenter i franska vid <a href=\"https:\/\/www.institutrichelieu.com\/\">Institut Richelieu<\/a> i Lausanne\u00a0<img decoding=\"async\" class=\"emoji\" role=\"img\" src=\"https:\/\/s.w.org\/images\/core\/emoji\/16.0.1\/svg\/1f1e8-1f1ed.svg\" alt=\"\ud83c\udde8\ud83c\udded\" \/>.<\/p>\n<p><span class=\"lt-line-clamp__raw-line\">\ud83d\udcc5 M\u00e5ndag 18<\/span><span class=\"lt-line-clamp__raw-line\"> maj 2026<br \/>\n<\/span><span class=\"lt-line-clamp__raw-line\">\ud83d\udd60 kl.17.30 \u2013 \ud83d\udd61 kl.18.30<br \/>\n\ud83d\udccd Digitalt, via Teams<\/span><\/p>\n<p>\ud83d\udd17 <strong>Anslut till m\u00f6tet nu<\/strong><\/p>\n<p><strong>Prelimin\u00e4rt uppl\u00e4gg<\/strong><\/p>\n<ul>\n<li>presentationrunda<\/li>\n<li>inledning<\/li>\n<li>dialog<\/li>\n<li>sammanfattning<\/li>\n<li>n\u00e4sta tillf\u00e4lle<\/li>\n<\/ul>\n<p><strong>O<\/strong><strong>m Institut Richelieu<\/strong><\/p>\n<p>Fransk skola i Lausanne sedan 1962.<\/p>\n<p><strong>\ud83c\udd93 Fri entr\u00e9 \u2013 men bli g\u00e4rna <a href=\"https:\/\/alliancefr.se\/gavle\/sv\/bli-medlem-2\/\">medlem<\/a> i Alliance Fran\u00e7aise de G\u00e4vle!<\/strong><\/p>\n","protected":false},"excerpt":{"rendered":"<p>\ud83c\uddeb\ud83c\uddf7 Connexion francophone : G\u00e4vle \u2194 Lausanne dialoguent \ud83d\udcbb\ud83d\udcac\ud83c\uddeb\ud83c\uddf7<br \/>\n\ud83c\uddf8\ud83c\uddea Francophone connection: G\u00e4vle \u2194 Lausanne i dialog \ud83d\udcbb\ud83d\udcac\ud83c\uddeb\ud83c\uddf7<\/p>\n","protected":false},"author":22,"featured_media":16363,"template":"","meta":{"om_disable_all_campaigns":false,"_monsterinsights_skip_tracking":false,"_monsterinsights_sitenote_active":false,"_monsterinsights_sitenote_note":"","_monsterinsights_sitenote_category":0,"_uf_show_specific_survey":0,"_uf_disable_surveys":false,"_tribe_events_status":"","_tribe_events_status_reason":"","footnotes":""},"tags":[],"tribe_events_cat":[81],"class_list":["post-17744","tribe_events","type-tribe_events","status-publish","has-post-thumbnail","hentry","tribe_events_cat-dialogue-en-ligne-digital-dialog","cat_dialogue-en-ligne-digital-dialog"],"aioseo_notices":[],"_links":{"self":[{"href":"https:\/\/alliancefr.se\/gavle\/wp-json\/wp\/v2\/tribe_events\/17744","targetHints":{"allow":["GET"]}}],"collection":[{"href":"https:\/\/alliancefr.se\/gavle\/wp-json\/wp\/v2\/tribe_events"}],"about":[{"href":"https:\/\/alliancefr.se\/gavle\/wp-json\/wp\/v2\/types\/tribe_events"}],"author":[{"embeddable":true,"href":"https:\/\/alliancefr.se\/gavle\/wp-json\/wp\/v2\/users\/22"}],"version-history":[{"count":4,"href":"https:\/\/alliancefr.se\/gavle\/wp-json\/wp\/v2\/tribe_events\/17744\/revisions"}],"predecessor-version":[{"id":17748,"href":"https:\/\/alliancefr.se\/gavle\/wp-json\/wp\/v2\/tribe_events\/17744\/revisions\/17748"}],"wp:featuredmedia":[{"embeddable":true,"href":"https:\/\/alliancefr.se\/gavle\/wp-json\/wp\/v2\/media\/16363"}],"wp:attachment":[{"href":"https:\/\/alliancefr.se\/gavle\/wp-json\/wp\/v2\/media?parent=17744"}],"wp:term":[{"taxonomy":"post_tag","embeddable":true,"href":"https:\/\/alliancefr.se\/gavle\/wp-json\/wp\/v2\/tags?post=17744"},{"taxonomy":"tribe_events_cat","embeddable":true,"href":"https:\/\/alliancefr.se\/gavle\/wp-json\/wp\/v2\/tribe_events_cat?post=17744"}],"curies":[{"name":"wp","href":"https:\/\/api.w.org\/{rel}","templated":true}]}}